
{"id":3097,"date":"2022-11-22T10:43:40","date_gmt":"2022-11-22T09:43:40","guid":{"rendered":"https:\/\/babyjourney.se\/?post_type=podcast_episodes&#038;p=3097"},"modified":"2022-12-13T10:44:47","modified_gmt":"2022-12-13T09:44:47","slug":"s03e04-my-baby-has-colic","status":"publish","type":"podcast_episodes","link":"https:\/\/webstaging.babyjourney.se\/en\/podcast_episodes\/s03e04-har-min-bebis-kolik\/","title":{"rendered":"S03E04. Does my baby have colic?"},"content":{"rendered":"<p>Pediatric nurse Matilda \u00d6rdell guides us through the topic of colic in this episode of the Baby Talk podcast. She helps us figure out everything from the first signs of colic to what can actually help if your baby is affected.<\/p>","protected":false},"featured_media":0,"template":"","meta":{"_acf_changed":false},"podcast_name":[22],"class_list":["post-3097","podcast_episodes","type-podcast_episodes","status-publish","hentry","podcast_name-baby-talk"],"acf":{"sponsorer":"","iframe":"<iframe src=\"https:\/\/embed.acast.com\/$\/60264da5f674af34c3922555\/har-min-bebis-kolik\" frameBorder=\"0\" width=\"100%\" height=\"110px\" allow=\"autoplay\"><\/iframe>"},"yoast_head":"<!-- This site is optimized with the Yoast SEO plugin v27.2 - https:\/\/yoast.com\/product\/yoast-seo-wordpress\/ -->\n<title>S03E04. Har min bebis kolik? | Baby Journey<\/title>\n<meta name=\"robots\" content=\"noindex, follow\" \/>\n<meta property=\"og:locale\" content=\"en_US\" \/>\n<meta property=\"og:type\" content=\"article\" \/>\n<meta property=\"og:title\" content=\"S03E04. Har min bebis kolik? | Baby Journey\" \/>\n<meta property=\"og:description\" content=\"Barnsjuksk\u00f6terskan\u00a0Matilda \u00d6rdell guidar oss i \u00e4mnet kolik under detta avsnitt av Baby Talk-podden. Hon hj\u00e4lper oss att bena ut allt ifr\u00e5n f\u00f6rsta tecken p\u00e5 kolik till vad som faktiskt kan hj\u00e4lpa om ens bebis \u00e4r drabbad.\" \/>\n<meta property=\"og:url\" content=\"https:\/\/webstaging.babyjourney.se\/en\/podcast_episodes\/s03e04-my-baby-has-colic\/\" \/>\n<meta property=\"og:site_name\" content=\"Baby Journey\" \/>\n<meta property=\"article:modified_time\" content=\"2022-12-13T09:44:47+00:00\" \/>\n<meta name=\"twitter:card\" content=\"summary_large_image\" \/>\n<script type=\"application\/ld+json\" class=\"yoast-schema-graph\">{\"@context\":\"https:\/\/schema.org\",\"@graph\":[{\"@type\":\"WebPage\",\"@id\":\"https:\/\/webstaging.babyjourney.se\/podcast_episodes\/s03e04-har-min-bebis-kolik\/\",\"url\":\"https:\/\/webstaging.babyjourney.se\/podcast_episodes\/s03e04-har-min-bebis-kolik\/\",\"name\":\"S03E04. Har min bebis kolik? | Baby Journey\",\"isPartOf\":{\"@id\":\"https:\/\/webstaging.babyjourney.se\/#website\"},\"datePublished\":\"2022-11-22T09:43:40+00:00\",\"dateModified\":\"2022-12-13T09:44:47+00:00\",\"breadcrumb\":{\"@id\":\"https:\/\/webstaging.babyjourney.se\/podcast_episodes\/s03e04-har-min-bebis-kolik\/#breadcrumb\"},\"inLanguage\":\"en-US\",\"potentialAction\":[{\"@type\":\"ReadAction\",\"target\":[\"https:\/\/webstaging.babyjourney.se\/podcast_episodes\/s03e04-har-min-bebis-kolik\/\"]}]},{\"@type\":\"BreadcrumbList\",\"@id\":\"https:\/\/webstaging.babyjourney.se\/podcast_episodes\/s03e04-har-min-bebis-kolik\/#breadcrumb\",\"itemListElement\":[{\"@type\":\"ListItem\",\"position\":1,\"name\":\"Home\",\"item\":\"https:\/\/webstaging.babyjourney.se\/\"},{\"@type\":\"ListItem\",\"position\":2,\"name\":\"S03E04. Har min bebis kolik?\"}]},{\"@type\":\"WebSite\",\"@id\":\"https:\/\/webstaging.babyjourney.se\/#website\",\"url\":\"https:\/\/webstaging.babyjourney.se\/\",\"name\":\"Baby Journey\",\"description\":\"Baby Journey Gravidapp \u00e4r framtagen f\u00f6r att minska ensamheten under en graviditet och \u00f6ka samh\u00f6righeten bland gravida kvinnor och partners.\",\"potentialAction\":[{\"@type\":\"SearchAction\",\"target\":{\"@type\":\"EntryPoint\",\"urlTemplate\":\"https:\/\/webstaging.babyjourney.se\/?s={search_term_string}\"},\"query-input\":{\"@type\":\"PropertyValueSpecification\",\"valueRequired\":true,\"valueName\":\"search_term_string\"}}],\"inLanguage\":\"en-US\"}]}<\/script>\n<!-- \/ Yoast SEO plugin. -->","yoast_head_json":{"title":"S03E04. Does my baby have colic? | Baby Journey","robots":{"index":"noindex","follow":"follow"},"og_locale":"en_US","og_type":"article","og_title":"S03E04. Har min bebis kolik? | Baby Journey","og_description":"Barnsjuksk\u00f6terskan\u00a0Matilda \u00d6rdell guidar oss i \u00e4mnet kolik under detta avsnitt av Baby Talk-podden. Hon hj\u00e4lper oss att bena ut allt ifr\u00e5n f\u00f6rsta tecken p\u00e5 kolik till vad som faktiskt kan hj\u00e4lpa om ens bebis \u00e4r drabbad.","og_url":"https:\/\/webstaging.babyjourney.se\/en\/podcast_episodes\/s03e04-my-baby-has-colic\/","og_site_name":"Baby Journey","article_modified_time":"2022-12-13T09:44:47+00:00","twitter_card":"summary_large_image","schema":{"@context":"https:\/\/schema.org","@graph":[{"@type":"WebPage","@id":"https:\/\/webstaging.babyjourney.se\/podcast_episodes\/s03e04-har-min-bebis-kolik\/","url":"https:\/\/webstaging.babyjourney.se\/podcast_episodes\/s03e04-har-min-bebis-kolik\/","name":"S03E04. Does my baby have colic? | Baby Journey","isPartOf":{"@id":"https:\/\/webstaging.babyjourney.se\/#website"},"datePublished":"2022-11-22T09:43:40+00:00","dateModified":"2022-12-13T09:44:47+00:00","breadcrumb":{"@id":"https:\/\/webstaging.babyjourney.se\/podcast_episodes\/s03e04-har-min-bebis-kolik\/#breadcrumb"},"inLanguage":"en-US","potentialAction":[{"@type":"ReadAction","target":["https:\/\/webstaging.babyjourney.se\/podcast_episodes\/s03e04-har-min-bebis-kolik\/"]}]},{"@type":"BreadcrumbList","@id":"https:\/\/webstaging.babyjourney.se\/podcast_episodes\/s03e04-har-min-bebis-kolik\/#breadcrumb","itemListElement":[{"@type":"ListItem","position":1,"name":"Home","item":"https:\/\/webstaging.babyjourney.se\/"},{"@type":"ListItem","position":2,"name":"S03E04. Har min bebis kolik?"}]},{"@type":"WebSite","@id":"https:\/\/webstaging.babyjourney.se\/#website","url":"https:\/\/webstaging.babyjourney.se\/","name":"Baby Journey","description":"The Baby Journey Pregnancy App is designed to reduce loneliness during pregnancy and increase connection between pregnant women and their partners.","potentialAction":[{"@type":"SearchAction","target":{"@type":"EntryPoint","urlTemplate":"https:\/\/webstaging.babyjourney.se\/?s={search_term_string}"},"query-input":{"@type":"PropertyValueSpecification","valueRequired":true,"valueName":"search_term_string"}}],"inLanguage":"en-US"}]}},"_links":{"self":[{"href":"https:\/\/webstaging.babyjourney.se\/en\/wp-json\/wp\/v2\/podcast_episodes\/3097","targetHints":{"allow":["GET"]}}],"collection":[{"href":"https:\/\/webstaging.babyjourney.se\/en\/wp-json\/wp\/v2\/podcast_episodes"}],"about":[{"href":"https:\/\/webstaging.babyjourney.se\/en\/wp-json\/wp\/v2\/types\/podcast_episodes"}],"wp:attachment":[{"href":"https:\/\/webstaging.babyjourney.se\/en\/wp-json\/wp\/v2\/media?parent=3097"}],"wp:term":[{"taxonomy":"podcast_name","embeddable":true,"href":"https:\/\/webstaging.babyjourney.se\/en\/wp-json\/wp\/v2\/podcast_name?post=3097"}],"curies":[{"name":"wp","href":"https:\/\/api.w.org\/{rel}","templated":true}]}}